{"id":641,"date":"2021-06-14T14:49:09","date_gmt":"2021-06-14T12:49:09","guid":{"rendered":"http:\/\/ckiopodkowa.pl\/?page_id=641"},"modified":"2021-07-03T17:37:16","modified_gmt":"2021-07-03T15:37:16","slug":"kongres-polskich-miast-ogrodow","status":"publish","type":"page","link":"https:\/\/www.ckiopodkowa.pl\/index.php\/kongres-polskich-miast-ogrodow\/","title":{"rendered":"Kongres Polskich Miast ogrod\u00f3w"},"content":{"rendered":"\t\t<div data-elementor-type=\"wp-page\" data-elementor-id=\"641\" class=\"elementor elementor-641\" data-elementor-post-type=\"page\">\n\t\t\t\t\t\t<section class=\"elementor-section elementor-top-section elementor-element elementor-element-7619710 elementor-section-boxed elementor-section-height-default elementor-section-height-default elementor-invisible\" data-id=\"7619710\" data-element_type=\"section\" data-settings=\"{&quot;animation&quot;:&quot;fadeInUp&quot;}\">\n\t\t\t\t\t\t<div class=\"elementor-container elementor-column-gap-default\">\n\t\t\t\t\t<div class=\"elementor-column elementor-col-100 elementor-top-column elementor-element elementor-element-9fa9671\" data-id=\"9fa9671\" data-element_type=\"column\">\n\t\t\t<div class=\"elementor-widget-wrap elementor-element-populated\">\n\t\t\t\t\t\t<div class=\"elementor-element elementor-element-e2a4e09 elementor-widget elementor-widget-heading\" data-id=\"e2a4e09\" data-element_type=\"widget\" data-widget_type=\"heading.default\">\n\t\t\t\t<div class=\"elementor-widget-container\">\n\t\t\t\t\t<h2 class=\"elementor-heading-title elementor-size-default\">I Kongres Polskich Miast Ogrod\u00f3w w Mie\u015bcie Ogrodzie Podkowa Le\u015bna<\/h2>\t\t\t\t<\/div>\n\t\t\t\t<\/div>\n\t\t\t\t\t<\/div>\n\t\t<\/div>\n\t\t\t\t\t<\/div>\n\t\t<\/section>\n\t\t\t\t<section class=\"elementor-section elementor-top-section elementor-element elementor-element-4e810a5 elementor-section-boxed elementor-section-height-default elementor-section-height-default elementor-invisible\" data-id=\"4e810a5\" data-element_type=\"section\" data-settings=\"{&quot;animation&quot;:&quot;fadeInUp&quot;}\">\n\t\t\t\t\t\t<div class=\"elementor-container elementor-column-gap-default\">\n\t\t\t\t\t<div class=\"elementor-column elementor-col-50 elementor-top-column elementor-element elementor-element-041de05\" data-id=\"041de05\" data-element_type=\"column\">\n\t\t\t<div class=\"elementor-widget-wrap elementor-element-populated\">\n\t\t\t\t\t\t<div class=\"elementor-element elementor-element-8fe91da elementor-widget elementor-widget-image\" data-id=\"8fe91da\" data-element_type=\"widget\" data-widget_type=\"image.default\">\n\t\t\t\t<div class=\"elementor-widget-container\">\n\t\t\t\t\t\t\t\t\t\t\t\t\t\t\t<img fetchpriority=\"high\" decoding=\"async\" width=\"768\" height=\"1085\" src=\"https:\/\/www.ckiopodkowa.pl\/wp-content\/uploads\/2021\/07\/KPM_8f609099d27941bf7851e7634da2ac60_XL-768x1085.jpg\" class=\"attachment-medium_large size-medium_large wp-image-1359\" alt=\"\" srcset=\"https:\/\/www.ckiopodkowa.pl\/wp-content\/uploads\/2021\/07\/KPM_8f609099d27941bf7851e7634da2ac60_XL-768x1085.jpg 768w, https:\/\/www.ckiopodkowa.pl\/wp-content\/uploads\/2021\/07\/KPM_8f609099d27941bf7851e7634da2ac60_XL-212x300.jpg 212w, https:\/\/www.ckiopodkowa.pl\/wp-content\/uploads\/2021\/07\/KPM_8f609099d27941bf7851e7634da2ac60_XL-725x1024.jpg 725w, https:\/\/www.ckiopodkowa.pl\/wp-content\/uploads\/2021\/07\/KPM_8f609099d27941bf7851e7634da2ac60_XL.jpg 900w\" sizes=\"(max-width: 768px) 100vw, 768px\" \/>\t\t\t\t\t\t\t\t\t\t\t\t\t\t\t<\/div>\n\t\t\t\t<\/div>\n\t\t\t\t\t<\/div>\n\t\t<\/div>\n\t\t\t\t<div class=\"elementor-column elementor-col-50 elementor-top-column elementor-element elementor-element-229be9f\" data-id=\"229be9f\" data-element_type=\"column\">\n\t\t\t<div class=\"elementor-widget-wrap elementor-element-populated\">\n\t\t\t\t\t\t<div class=\"elementor-element elementor-element-a32350f elementor-widget elementor-widget-text-editor\" data-id=\"a32350f\" data-element_type=\"widget\" data-widget_type=\"text-editor.default\">\n\t\t\t\t<div class=\"elementor-widget-container\">\n\t\t\t\t\t\t\t\t\t<div class=\"field field-name-field-zajawka field-type-text-long field-label-hidden\"><div class=\"field-items\"><div class=\"field-item even\"><p>I Kongresu Polskich Miast Ogrod\u00f3w odby\u0142 si\u0119 w Podkowie Le\u015bnej w dniach 12-13 wrze\u015bnia 2015 r.<\/p><\/div><\/div><\/div><div class=\"field field-name-field-tresc-artykul field-type-text-long field-label-hidden\"><div class=\"field-items\"><div class=\"field-item even\"><p>W dniach 11-13 wrze\u015bnia 2015 w Podkowie Le\u015bnej odby\u0142 si\u0119 z inicjatywy podkowia\u0144skich stowarzysze\u0144 pozarz\u0105dowych I Kongres Polskich Miast Ogrod\u00f3w zorganizowany z okazji 90 -lecia powstania \u00a0 Miasta Ogrodu Podkowa Le\u015bna, stanowi\u0105cy kulminacj\u0119 spotka\u0144 realizowanych od 2007 r. Przez dwa dni obradowa\u0142o prawie 150 os\u00f3b z 26 zielonych miejscowo\u015bci z ca\u0142ej Polski. Miejscem obrad by\u0142o Centrum Kultury i Inicjatyw Obywatelskich w Podkowie Le\u015bnej, a organizatorami &#8211; Miasto Ogr\u00f3d Podkowa Le\u015bna oraz Stowarzyszenie \u201e\u0141ad na Mazowszu\u201d.<\/p><p>Celem Kongresu by\u0142a integracja, wymiana do\u015bwiadcze\u0144 i dobrych praktyk w \u015brodowiskach miast ogrod\u00f3w i miejscowo\u015bci o podobnych cechach. Zainaugurowa\u0142a go konferencja w Centrum Prasowym PAP w Warszawie, w kt\u00f3rej wzi\u0119li udzia\u0142 organizatorzy \u2013 burmistrz miasta ogrodu Podkowa Le\u015bna Artur Tusi\u0144ski i prezes Stowarzyszenia \u201e\u0141ad na Mazowszu\u201d Grzegorz Kostrzewa-Zorbas, a tak\u017ce prelegenci &#8211; architekt Marek Budzy\u0144ski oraz Edyta Barucka, autorka ksi\u0105\u017cki o miastach ogrodach. Tak\u017ce ona by\u0142a pierwsz\u0105 osob\u0105, kt\u00f3ra wyst\u0105pi\u0142a w pierwszej sobotniej sesji kongresu zatytu\u0142owanej \u201eWok\u00f3\u0142 idei miast ogrod\u00f3w\u201d moderowanej przez Krzysztofa Domaradzkiego. W\u015br\u00f3d wyk\u0142adowc\u00f3w znale\u017ali si\u0119 tak\u017ce wspomniany Marek Budzy\u0144ski, Alicja Szmelter, Jeremi T. Kr\u00f3likowski i Magdalena Staniszkis. Sesja druga \u201eSpojrzenie na polskie miasta ogrody\u201d po\u015bwi\u0119cona by\u0142a prezentacjom samych bohater\u00f3w Kongresu &#8211; swoje miejscowo\u015bci przedstawili mieszka\u0144cy warszawskiej Sadyby i W\u0142och, Komorowa, \u015ar\u00f3dborowa oraz Kolumny \u0141ask. Zaprezentowano tak\u017ce filmy dokumentalne i promocyjne ukazuj\u0105ce Milan\u00f3wek, Giszowiec, Puszczykowo, Ksi\u0105\u017cenice oraz gospodarza Kongresu \u2013 Podkow\u0119 Le\u015bn\u0105. Sesja trzecia odby\u0142a si\u0119 w niedziel\u0119 i po\u015bwi\u0119cona by\u0142a ochronie i rewitalizacji miejscowo\u015bci zabytkowych. O ich r\u00f3\u017cnych aspektach m\u00f3wili: Anna Majdecka-Strze\u017cek, Barbara Jezierska, Janusz Radziejowski oraz Piotr Tyszko-Chmielowiec. Podsumowaniem kongresu by\u0142a sesja czwarta moderowana przez burmistrza Podkowy Le\u015bnej Artura Tusi\u0144skiego, podczas kt\u00f3rej Jeremi T. Kr\u00f3likowski przedstawi\u0142 wst\u0119pne za\u0142o\u017ceniaustawy o miastach ogrodach. \u00a0<\/p><\/div><\/div><\/div>\t\t\t\t\t\t\t\t<\/div>\n\t\t\t\t<\/div>\n\t\t\t\t\t<\/div>\n\t\t<\/div>\n\t\t\t\t\t<\/div>\n\t\t<\/section>\n\t\t\t\t<section class=\"elementor-section elementor-top-section elementor-element elementor-element-81be1f2 elementor-section-boxed elementor-section-height-default elementor-section-height-default\" data-id=\"81be1f2\" data-element_type=\"section\">\n\t\t\t\t\t\t<div class=\"elementor-container elementor-column-gap-default\">\n\t\t\t\t\t<div class=\"elementor-column elementor-col-100 elementor-top-column elementor-element elementor-element-65e7c0b\" data-id=\"65e7c0b\" data-element_type=\"column\">\n\t\t\t<div class=\"elementor-widget-wrap elementor-element-populated\">\n\t\t\t\t\t\t<div class=\"elementor-element elementor-element-8cd0b3f elementor-invisible elementor-widget elementor-widget-text-editor\" data-id=\"8cd0b3f\" data-element_type=\"widget\" data-settings=\"{&quot;_animation&quot;:&quot;fadeInUp&quot;}\" data-widget_type=\"text-editor.default\">\n\t\t\t\t<div class=\"elementor-widget-container\">\n\t\t\t\t\t\t\t\t\t<p>Mimo napi\u0119tego harmonogramu obrad uczestnicy I Kongresu Polskich Miast Ogrod\u00f3w znale\u017ali czas na wzi\u0119cie udzia\u0142u w imprezach towarzysz\u0105cych: wernisa\u017cu wystawy trash-artu Doroty Brodowskiej pt. \u201eOgrody Trzeciego Tysi\u0105clecia\u201d, po kt\u00f3rym Maja Olenderek za\u015bpiewa\u0142a popularne szlagiery (pi\u0105tek),spektaklu Teatru Otwartego CKiIO \u201eWczorajsze historie\u201d, po\u015bwi\u0119conego muzie Skamandryt\u00f3w Marii Morskiej (sobota), wystawie obraz\u00f3w podkowia\u0144skich artyst\u00f3w namalowanych w ramach projektu Panorama Podkowy Le\u015bnej oraz wycieczce bryczk\u0105 po Podkowie i okolicach (niedziela).<\/p><p><strong>PRZECZYTAJ LIST CZ\u0141ONKA KOMITETU HONOROWEGO KONGRESU PROF. JERZEGO DUSZY\u0143SKIEGO<\/strong><\/p><p><strong>Media o Kongresie:<\/strong><\/p><p><a href=\"https:\/\/warszawa.tvp.pl\/21588188\/11092015\">http:\/\/warszawa.tvp.pl\/21588188\/11092015<\/a><\/p><p><a href=\"http:\/\/centrumprasowe.pap.pl\/cp\/pl\/news\/info\/38766,,i-kongres-polskich-miast-ogrodow-miasta-ogrody-xxi-wieku-\">http:\/\/centrumprasowe.pap.pl\/cp\/pl\/news\/info\/38766,,i-kongres-polskich-miast-ogrodow-miasta-ogrody-xxi-wieku-<\/a><\/p><p><a href=\"http:\/\/samorzad.pap.pl\/depesze\/wiadomosci_centralne\/155709\/Miasto-ogrod--Cenimy-jakosc-przestrzeni-publicznej---mowi-burmistrz-Podkowy-Lesnej\">http:\/\/samorzad.pap.pl\/depesze\/wiadomosci_centralne\/155709\/Miasto-ogrod&#8211;Cenimy-jakosc-przestrzeni-publicznej&#8212;mowi-burmistrz-Podkowy-Lesnej<\/a><\/p><p><a href=\"http:\/\/rdc.pl\/publikacja\/sobotnie-popoludnie-miasta-ogrody\/\">http:\/\/rdc.pl\/publikacja\/sobotnie-popoludnie-miasta-ogrody\/<\/a><\/p><p><strong>INFORMACJA O KONFERENCJI PRASOWEJ KONGRESU<\/strong><\/p><p><strong>O idei Kongresu:<\/strong><\/p><p>90. rocznica powstania, kt\u00f3r\u0105 Podkowa Le\u015bna obchodzi w tym roku, to znakomita okazja do zorganizowania Kongresu Polskich Miast Ogrod\u00f3w. Na naszym mie\u015bcie bowiem, jako najstarszym i najwi\u0119kszym z zachowanych miast ogrod\u00f3w w Polsce, spoczywa misja i rola o\u015brodka integruj\u0105cego \u015bwiadomo\u015b\u0107 trwania i rozwoju innych miast ogrod\u00f3w w kraju.<\/p><p>W obliczu trend\u00f3w rozwojowych na \u015bwiecie i zmian klimatycznych, a tak\u017ce obserwuj\u0105c degradacj\u0119 \u015brodowiska i krajobrazu naturalnego na Mazowszu spowodowan\u0105 procesami urbanizacyjnymi i rozwojem przemys\u0142u, organizatorzy Kongresu &#8211; Miasto Ogr\u00f3d Podkowa Le\u015bna i Stowarzyszenie \u201e\u0141ad na Mazowszu\u201d pragn\u0105 upowszechni\u0107 ide\u0119 miasta ogrodu jako modelu proekologicznego, uznaj\u0105c go za podstaw\u0119 stylu \u017cycia w XXI wieku. Bogate do\u015bwiadczenia Podkowy mog\u0105 by\u0107 inspiracj\u0105 dla innych miast ogrod\u00f3w oraz miejscowo\u015bci na Mazowszu, a tak\u017ce pos\u0142u\u017cy\u0107 do wypracowania narz\u0119dzi ochrony \u015brodowiska i kszta\u0142towania proekologicznych postaw.\u00a0<br \/>Podczas Kongresu przewidziano wymian\u0119 dobrych praktyk oraz sesje tematyczne, podczas kt\u00f3rych poruszane b\u0119d\u0105 problemy kszta\u0142towania \u0142adu polskiej przestrzeni, planowania teren\u00f3w zielonych, rewitalizacji oraz ochrony walor\u00f3w kulturowych i przyrodniczych miast ogrod\u00f3w.<\/p><p>Do udzia\u0142u w Kongresie przyj\u0119li zaproszenie przedstawiciele samorz\u0105d\u00f3w i spo\u0142ecznicy z miast ogrod\u00f3w i miejscowo\u015bci zielonych w Polsce. Uczestnicy Kongresu, zw\u0142aszcza w\u0142adze samorz\u0105dowe, b\u0119d\u0105 mogli dobre praktyki polskich miast ogrod\u00f3w przenie\u015b\u0107 do swoich miejscowo\u015bci. Dowiedz\u0105 si\u0119 tak\u017ce jak mo\u017cna wykorzysta\u0107 ziele\u0144 i przestrze\u0144 w kreowaniu atrakcyjno\u015bci gmin i region\u00f3w oraz przyjaznego \u015brodowiska dla mieszka\u0144c\u00f3w. Przekazanie idei zr\u00f3wnowa\u017conego rozwoju zmaterializowanej w miastach ogrodach b\u0119dzie r\u00f3wnie\u017c inspiruj\u0105ce dla urbanist\u00f3w, architekt\u00f3w, a nawet deweloper\u00f3w, kt\u00f3rzy swoje realizacje cz\u0119sto reklamuj\u0105 jako miasta ogrody, a w istocie one nimi nie s\u0105. Jednym z powod\u00f3w konieczno\u015bci opracowania kryteri\u00f3w miasta ogrodu ( jeden z cel\u00f3w Kongresu) jest protest przeciw nowym osiedlom, kt\u00f3re nie maj\u0105 nic wsp\u00f3lnego z miastami ogrodami, a w celach promocji tak si\u0119 nazywaj\u0105,<\/p><p>Zapraszamy mieszka\u0144c\u00f3w Podkowy Le\u015bnej do udzia\u0142u w obradach Kongresu w dniach 12-13 wrze\u015bnia, kt\u00f3rego program dost\u0119pny jest na stronie:<\/p><p>\u00a0<a href=\"http:\/\/www.polskiemiastaogrody.pl\">www.polskiemiastaogrody.pl<\/a><\/p><p><strong>Sponsorzy:<\/strong><\/p><p><img decoding=\"async\" class=\"size-medium wp-image-1360 aligncenter\" src=\"https:\/\/ckiopodkowa.pl\/wp-content\/uploads\/2021\/07\/wfos_logo-small-300x108.jpg\" alt=\"\" width=\"300\" height=\"108\" srcset=\"https:\/\/www.ckiopodkowa.pl\/wp-content\/uploads\/2021\/07\/wfos_logo-small-300x108.jpg 300w, https:\/\/www.ckiopodkowa.pl\/wp-content\/uploads\/2021\/07\/wfos_logo-small-768x276.jpg 768w, https:\/\/www.ckiopodkowa.pl\/wp-content\/uploads\/2021\/07\/wfos_logo-small.jpg 1024w\" sizes=\"(max-width: 300px) 100vw, 300px\" \/><\/p><p>I Kongres Polskich Miast Ogrod\u00f3w dofinansowany przez Wojew\u00f3dzki Fundusz Ochrony \u015arodowiska i Gospodarki Wodnej Wodnej w Warszawie, w formie dotacji, w kwocie 10.000 z\u0142<\/p><p><img decoding=\"async\" class=\"alignnone size-medium wp-image-1361 aligncenter\" src=\"https:\/\/ckiopodkowa.pl\/wp-content\/uploads\/2021\/07\/castorama-logo-300x86.jpg\" alt=\"\" width=\"300\" height=\"86\" srcset=\"https:\/\/www.ckiopodkowa.pl\/wp-content\/uploads\/2021\/07\/castorama-logo-300x86.jpg 300w, https:\/\/www.ckiopodkowa.pl\/wp-content\/uploads\/2021\/07\/castorama-logo-1024x293.jpg 1024w, https:\/\/www.ckiopodkowa.pl\/wp-content\/uploads\/2021\/07\/castorama-logo-768x220.jpg 768w, https:\/\/www.ckiopodkowa.pl\/wp-content\/uploads\/2021\/07\/castorama-logo.jpg 1200w\" sizes=\"(max-width: 300px) 100vw, 300px\" \/><\/p><p><strong>Partner finansowy:<\/strong><\/p><p><img loading=\"lazy\" decoding=\"async\" class=\"size-medium wp-image-1362 aligncenter\" src=\"https:\/\/ckiopodkowa.pl\/wp-content\/uploads\/2021\/07\/grodzisk-258x300.jpg\" alt=\"\" width=\"258\" height=\"300\" srcset=\"https:\/\/www.ckiopodkowa.pl\/wp-content\/uploads\/2021\/07\/grodzisk-258x300.jpg 258w, https:\/\/www.ckiopodkowa.pl\/wp-content\/uploads\/2021\/07\/grodzisk-881x1024.jpg 881w, https:\/\/www.ckiopodkowa.pl\/wp-content\/uploads\/2021\/07\/grodzisk-768x892.jpg 768w, https:\/\/www.ckiopodkowa.pl\/wp-content\/uploads\/2021\/07\/grodzisk.jpg 1033w\" sizes=\"(max-width: 258px) 100vw, 258px\" \/><\/p><p>\u00a0<\/p>\t\t\t\t\t\t\t\t<\/div>\n\t\t\t\t<\/div>\n\t\t\t\t\t<\/div>\n\t\t<\/div>\n\t\t\t\t\t<\/div>\n\t\t<\/section>\n\t\t\t\t<section class=\"elementor-section elementor-top-section elementor-element elementor-element-b1393a6 elementor-section-boxed elementor-section-height-default elementor-section-height-default elementor-invisible\" data-id=\"b1393a6\" data-element_type=\"section\" data-settings=\"{&quot;animation&quot;:&quot;fadeInUp&quot;}\">\n\t\t\t\t\t\t<div class=\"elementor-container elementor-column-gap-default\">\n\t\t\t\t\t<div class=\"elementor-column elementor-col-100 elementor-top-column elementor-element elementor-element-6d0288d\" data-id=\"6d0288d\" data-element_type=\"column\">\n\t\t\t<div class=\"elementor-widget-wrap elementor-element-populated\">\n\t\t\t\t\t\t<div class=\"elementor-element elementor-element-83ae64c elementor-widget elementor-widget-gallery\" data-id=\"83ae64c\" data-element_type=\"widget\" data-settings=\"{&quot;lazyload&quot;:&quot;yes&quot;,&quot;gallery_layout&quot;:&quot;grid&quot;,&quot;columns&quot;:4,&quot;columns_tablet&quot;:2,&quot;columns_mobile&quot;:1,&quot;gap&quot;:{&quot;unit&quot;:&quot;px&quot;,&quot;size&quot;:10,&quot;sizes&quot;:[]},&quot;gap_tablet&quot;:{&quot;unit&quot;:&quot;px&quot;,&quot;size&quot;:10,&quot;sizes&quot;:[]},&quot;gap_mobile&quot;:{&quot;unit&quot;:&quot;px&quot;,&quot;size&quot;:10,&quot;sizes&quot;:[]},&quot;link_to&quot;:&quot;file&quot;,&quot;aspect_ratio&quot;:&quot;3:2&quot;,&quot;overlay_background&quot;:&quot;yes&quot;,&quot;content_hover_animation&quot;:&quot;fade-in&quot;}\" data-widget_type=\"gallery.default\">\n\t\t\t\t<div class=\"elementor-widget-container\">\n\t\t\t\t\t\t\t<div class=\"elementor-gallery__container\">\n\t\t\t\t\t\t\t<a class=\"e-gallery-item elementor-gallery-item elementor-animated-content\" href=\"https:\/\/www.ckiopodkowa.pl\/wp-content\/uploads\/2021\/07\/I-Kongres-Polskich-Miast-Ogrodow_Wyk-ad.jpg\" data-elementor-open-lightbox=\"yes\" data-elementor-lightbox-slideshow=\"83ae64c\" data-elementor-lightbox-title=\"????????????????????????????????????\" data-e-action-hash=\"#elementor-action%3Aaction%3Dlightbox%26settings%3DeyJpZCI6MTM3MCwidXJsIjoiaHR0cHM6XC9cL3d3dy5ja2lvcG9ka293YS5wbFwvd3AtY29udGVudFwvdXBsb2Fkc1wvMjAyMVwvMDdcL0ktS29uZ3Jlcy1Qb2xza2ljaC1NaWFzdC1PZ3JvZG93X1d5ay1hZC5qcGciLCJzbGlkZXNob3ciOiI4M2FlNjRjIn0%3D\">\n\t\t\t\t\t<div class=\"e-gallery-image elementor-gallery-item__image\" data-thumbnail=\"https:\/\/www.ckiopodkowa.pl\/wp-content\/uploads\/2021\/07\/I-Kongres-Polskich-Miast-Ogrodow_Wyk-ad-300x200.jpg\" data-width=\"300\" data-height=\"200\" aria-label=\"\" role=\"img\" ><\/div>\n\t\t\t\t\t\t\t\t\t\t\t<div class=\"elementor-gallery-item__overlay\"><\/div>\n\t\t\t\t\t\t\t\t\t\t\t\t\t\t<\/a>\n\t\t\t\t\t\t\t<a class=\"e-gallery-item elementor-gallery-item elementor-animated-content\" href=\"https:\/\/www.ckiopodkowa.pl\/wp-content\/uploads\/2021\/07\/I-Kongres-Polskich-Miast-Ogrodow_Spektakl-Wczorajsze-historie-Teatru-Otwartego.jpg\" data-elementor-open-lightbox=\"yes\" data-elementor-lightbox-slideshow=\"83ae64c\" data-elementor-lightbox-title=\"????????????????????????????????????\" data-e-action-hash=\"#elementor-action%3Aaction%3Dlightbox%26settings%3DeyJpZCI6MTM2OSwidXJsIjoiaHR0cHM6XC9cL3d3dy5ja2lvcG9ka293YS5wbFwvd3AtY29udGVudFwvdXBsb2Fkc1wvMjAyMVwvMDdcL0ktS29uZ3Jlcy1Qb2xza2ljaC1NaWFzdC1PZ3JvZG93X1NwZWt0YWtsLVdjem9yYWpzemUtaGlzdG9yaWUtVGVhdHJ1LU90d2FydGVnby5qcGciLCJzbGlkZXNob3ciOiI4M2FlNjRjIn0%3D\">\n\t\t\t\t\t<div class=\"e-gallery-image elementor-gallery-item__image\" data-thumbnail=\"https:\/\/www.ckiopodkowa.pl\/wp-content\/uploads\/2021\/07\/I-Kongres-Polskich-Miast-Ogrodow_Spektakl-Wczorajsze-historie-Teatru-Otwartego-300x200.jpg\" data-width=\"300\" data-height=\"200\" aria-label=\"\" role=\"img\" ><\/div>\n\t\t\t\t\t\t\t\t\t\t\t<div class=\"elementor-gallery-item__overlay\"><\/div>\n\t\t\t\t\t\t\t\t\t\t\t\t\t\t<\/a>\n\t\t\t\t\t\t\t<a class=\"e-gallery-item elementor-gallery-item elementor-animated-content\" href=\"https:\/\/www.ckiopodkowa.pl\/wp-content\/uploads\/2021\/07\/I-Kongres-Polskich-Miast-Ogrodow_Marek-Budzyaski.jpg\" data-elementor-open-lightbox=\"yes\" data-elementor-lightbox-slideshow=\"83ae64c\" data-elementor-lightbox-title=\"????????????????????????????????????\" data-e-action-hash=\"#elementor-action%3Aaction%3Dlightbox%26settings%3DeyJpZCI6MTM2OCwidXJsIjoiaHR0cHM6XC9cL3d3dy5ja2lvcG9ka293YS5wbFwvd3AtY29udGVudFwvdXBsb2Fkc1wvMjAyMVwvMDdcL0ktS29uZ3Jlcy1Qb2xza2ljaC1NaWFzdC1PZ3JvZG93X01hcmVrLUJ1ZHp5YXNraS5qcGciLCJzbGlkZXNob3ciOiI4M2FlNjRjIn0%3D\">\n\t\t\t\t\t<div class=\"e-gallery-image elementor-gallery-item__image\" data-thumbnail=\"https:\/\/www.ckiopodkowa.pl\/wp-content\/uploads\/2021\/07\/I-Kongres-Polskich-Miast-Ogrodow_Marek-Budzyaski-300x200.jpg\" data-width=\"300\" data-height=\"200\" aria-label=\"\" role=\"img\" ><\/div>\n\t\t\t\t\t\t\t\t\t\t\t<div class=\"elementor-gallery-item__overlay\"><\/div>\n\t\t\t\t\t\t\t\t\t\t\t\t\t\t<\/a>\n\t\t\t\t\t\t\t<a class=\"e-gallery-item elementor-gallery-item elementor-animated-content\" href=\"https:\/\/www.ckiopodkowa.pl\/wp-content\/uploads\/2021\/07\/I-Kongres-Polskich-Miast-Ogrodow_Maja-Oenderek-piewa-wczorajsze-szlagiery.jpg\" data-elementor-open-lightbox=\"yes\" data-elementor-lightbox-slideshow=\"83ae64c\" data-elementor-lightbox-title=\"????????????????????????????????????\" data-e-action-hash=\"#elementor-action%3Aaction%3Dlightbox%26settings%3DeyJpZCI6MTM2NywidXJsIjoiaHR0cHM6XC9cL3d3dy5ja2lvcG9ka293YS5wbFwvd3AtY29udGVudFwvdXBsb2Fkc1wvMjAyMVwvMDdcL0ktS29uZ3Jlcy1Qb2xza2ljaC1NaWFzdC1PZ3JvZG93X01hamEtT2VuZGVyZWstcGlld2Etd2N6b3JhanN6ZS1zemxhZ2llcnkuanBnIiwic2xpZGVzaG93IjoiODNhZTY0YyJ9\">\n\t\t\t\t\t<div class=\"e-gallery-image elementor-gallery-item__image\" data-thumbnail=\"https:\/\/www.ckiopodkowa.pl\/wp-content\/uploads\/2021\/07\/I-Kongres-Polskich-Miast-Ogrodow_Maja-Oenderek-piewa-wczorajsze-szlagiery-300x200.jpg\" data-width=\"300\" data-height=\"200\" aria-label=\"I Kongres Polskich Miast Ogrod\u00f3w_Maja Oenderek -piewa wczorajsze szlagiery\" role=\"img\" ><\/div>\n\t\t\t\t\t\t\t\t\t\t\t<div class=\"elementor-gallery-item__overlay\"><\/div>\n\t\t\t\t\t\t\t\t\t\t\t\t\t\t<\/a>\n\t\t\t\t\t\t\t<a class=\"e-gallery-item elementor-gallery-item elementor-animated-content\" href=\"https:\/\/www.ckiopodkowa.pl\/wp-content\/uploads\/2021\/07\/I-Kongres-Polskich-Miast-Ogrodow_Grzegorz-Kostrzewa-Zorbas-i-Anna-Kalinowska.jpg\" data-elementor-open-lightbox=\"yes\" data-elementor-lightbox-slideshow=\"83ae64c\" data-elementor-lightbox-title=\"????????????????????????????????????\" data-e-action-hash=\"#elementor-action%3Aaction%3Dlightbox%26settings%3DeyJpZCI6MTM2NiwidXJsIjoiaHR0cHM6XC9cL3d3dy5ja2lvcG9ka293YS5wbFwvd3AtY29udGVudFwvdXBsb2Fkc1wvMjAyMVwvMDdcL0ktS29uZ3Jlcy1Qb2xza2ljaC1NaWFzdC1PZ3JvZG93X0dyemVnb3J6LUtvc3RyemV3YS1ab3JiYXMtaS1Bbm5hLUthbGlub3dza2EuanBnIiwic2xpZGVzaG93IjoiODNhZTY0YyJ9\">\n\t\t\t\t\t<div class=\"e-gallery-image elementor-gallery-item__image\" data-thumbnail=\"https:\/\/www.ckiopodkowa.pl\/wp-content\/uploads\/2021\/07\/I-Kongres-Polskich-Miast-Ogrodow_Grzegorz-Kostrzewa-Zorbas-i-Anna-Kalinowska-300x200.jpg\" data-width=\"300\" data-height=\"200\" aria-label=\"\" role=\"img\" ><\/div>\n\t\t\t\t\t\t\t\t\t\t\t<div class=\"elementor-gallery-item__overlay\"><\/div>\n\t\t\t\t\t\t\t\t\t\t\t\t\t\t<\/a>\n\t\t\t\t\t\t\t<a class=\"e-gallery-item elementor-gallery-item elementor-animated-content\" href=\"https:\/\/www.ckiopodkowa.pl\/wp-content\/uploads\/2021\/07\/I-Kongres-Polskich-Miast-Ogrodow_Burmistrz-Podkowy_Jerzego-Duszyaskiego.jpg\" data-elementor-open-lightbox=\"yes\" data-elementor-lightbox-slideshow=\"83ae64c\" data-elementor-lightbox-title=\"????????????????????????????????????\" data-e-action-hash=\"#elementor-action%3Aaction%3Dlightbox%26settings%3DeyJpZCI6MTM2NSwidXJsIjoiaHR0cHM6XC9cL3d3dy5ja2lvcG9ka293YS5wbFwvd3AtY29udGVudFwvdXBsb2Fkc1wvMjAyMVwvMDdcL0ktS29uZ3Jlcy1Qb2xza2ljaC1NaWFzdC1PZ3JvZG93X0J1cm1pc3Ryei1Qb2Rrb3d5X0plcnplZ28tRHVzenlhc2tpZWdvLmpwZyIsInNsaWRlc2hvdyI6IjgzYWU2NGMifQ%3D%3D\">\n\t\t\t\t\t<div class=\"e-gallery-image elementor-gallery-item__image\" data-thumbnail=\"https:\/\/www.ckiopodkowa.pl\/wp-content\/uploads\/2021\/07\/I-Kongres-Polskich-Miast-Ogrodow_Burmistrz-Podkowy_Jerzego-Duszyaskiego-300x162.jpg\" data-width=\"300\" data-height=\"162\" aria-label=\"\" role=\"img\" ><\/div>\n\t\t\t\t\t\t\t\t\t\t\t<div class=\"elementor-gallery-item__overlay\"><\/div>\n\t\t\t\t\t\t\t\t\t\t\t\t\t\t<\/a>\n\t\t\t\t\t\t\t<a class=\"e-gallery-item elementor-gallery-item elementor-animated-content\" href=\"https:\/\/www.ckiopodkowa.pl\/wp-content\/uploads\/2021\/07\/I-Kongres-Polskich-Miast-Ogrodow_Burmistrz-Podkowy.jpg\" data-elementor-open-lightbox=\"yes\" data-elementor-lightbox-slideshow=\"83ae64c\" data-elementor-lightbox-title=\"????????????????????????????????????\" data-e-action-hash=\"#elementor-action%3Aaction%3Dlightbox%26settings%3DeyJpZCI6MTM2NCwidXJsIjoiaHR0cHM6XC9cL3d3dy5ja2lvcG9ka293YS5wbFwvd3AtY29udGVudFwvdXBsb2Fkc1wvMjAyMVwvMDdcL0ktS29uZ3Jlcy1Qb2xza2ljaC1NaWFzdC1PZ3JvZG93X0J1cm1pc3Ryei1Qb2Rrb3d5LmpwZyIsInNsaWRlc2hvdyI6IjgzYWU2NGMifQ%3D%3D\">\n\t\t\t\t\t<div class=\"e-gallery-image elementor-gallery-item__image\" data-thumbnail=\"https:\/\/www.ckiopodkowa.pl\/wp-content\/uploads\/2021\/07\/I-Kongres-Polskich-Miast-Ogrodow_Burmistrz-Podkowy-200x300.jpg\" data-width=\"200\" data-height=\"300\" aria-label=\"\" role=\"img\" ><\/div>\n\t\t\t\t\t\t\t\t\t\t\t<div class=\"elementor-gallery-item__overlay\"><\/div>\n\t\t\t\t\t\t\t\t\t\t\t\t\t\t<\/a>\n\t\t\t\t\t<\/div>\n\t\t\t\t\t<\/div>\n\t\t\t\t<\/div>\n\t\t\t\t\t<\/div>\n\t\t<\/div>\n\t\t\t\t\t<\/div>\n\t\t<\/section>\n\t\t\t\t<section class=\"elementor-section elementor-top-section elementor-element elementor-element-26a3e9b elementor-section-boxed elementor-section-height-default elementor-section-height-default elementor-invisible\" data-id=\"26a3e9b\" data-element_type=\"section\" data-settings=\"{&quot;animation&quot;:&quot;fadeInUp&quot;}\">\n\t\t\t\t\t\t<div class=\"elementor-container elementor-column-gap-default\">\n\t\t\t\t\t<div class=\"elementor-column elementor-col-100 elementor-top-column elementor-element elementor-element-60178a4\" data-id=\"60178a4\" data-element_type=\"column\">\n\t\t\t<div class=\"elementor-widget-wrap elementor-element-populated\">\n\t\t\t\t\t\t<div class=\"elementor-element elementor-element-20bdf16 elementor-widget-divider--view-line_text elementor-widget-divider--separator-type-pattern elementor-widget-divider--no-spacing elementor-widget-divider--element-align-center elementor-widget elementor-widget-divider\" data-id=\"20bdf16\" data-element_type=\"widget\" data-widget_type=\"divider.default\">\n\t\t\t\t<div class=\"elementor-widget-container\">\n\t\t\t\t\t\t\t<div class=\"elementor-divider\" style=\"--divider-pattern-url: url(&quot;data:image\/svg+xml,%3Csvg xmlns=&#039;http:\/\/www.w3.org\/2000\/svg&#039; preserveAspectRatio=&#039;xMidYMid meet&#039; overflow=&#039;visible&#039; height=&#039;100%&#039; viewBox=&#039;0 0 126 26&#039; fill=&#039;black&#039; stroke=&#039;none&#039;%3E%3Cpath d=&#039;M3,10.2c2.6,0,2.6,2,2.6,3.2S4.4,16.5,3,16.5s-3-1.4-3-3.2S0.4,10.2,3,10.2z M18.8,10.2c1.7,0,3.2,1.4,3.2,3.2s-1.4,3.2-3.2,3.2c-1.7,0-3.2-1.4-3.2-3.2S17,10.2,18.8,10.2z M34.6,10.2c1.5,0,2.6,1.4,2.6,3.2s-0.5,3.2-1.9,3.2c-1.5,0-3.4-1.4-3.4-3.2S33.1,10.2,34.6,10.2z M50.5,10.2c1.7,0,3.2,1.4,3.2,3.2s-1.4,3.2-3.2,3.2c-1.7,0-3.3-0.9-3.3-2.6S48.7,10.2,50.5,10.2z M66.2,10.2c1.5,0,3.4,1.4,3.4,3.2s-1.9,3.2-3.4,3.2c-1.5,0-2.6-0.4-2.6-2.1S64.8,10.2,66.2,10.2z M82.2,10.2c1.7,0.8,2.6,1.4,2.6,3.2s-0.1,3.2-1.6,3.2c-1.5,0-3.7-1.4-3.7-3.2S80.5,9.4,82.2,10.2zM98.6,10.2c1.5,0,2.6,0.4,2.6,2.1s-1.2,4.2-2.6,4.2c-1.5,0-3.7-0.4-3.7-2.1S97.1,10.2,98.6,10.2z M113.4,10.2c1.2,0,2.2,0.9,2.2,3.2s-0.1,3.2-1.3,3.2s-3.1-1.4-3.1-3.2S112.2,10.2,113.4,10.2z&#039;\/%3E%3C\/svg%3E&quot;);\">\n\t\t\t<span class=\"elementor-divider-separator\">\n\t\t\t\t\t\t<\/span>\n\t\t<\/div>\n\t\t\t\t\t\t<\/div>\n\t\t\t\t<\/div>\n\t\t\t\t\t<\/div>\n\t\t<\/div>\n\t\t\t\t\t<\/div>\n\t\t<\/section>\n\t\t\t\t<section class=\"elementor-section elementor-top-section elementor-element elementor-element-2c92703 elementor-section-boxed elementor-section-height-default elementor-section-height-default\" data-id=\"2c92703\" data-element_type=\"section\">\n\t\t\t\t\t\t<div class=\"elementor-container elementor-column-gap-default\">\n\t\t\t\t\t<div class=\"elementor-column elementor-col-100 elementor-top-column elementor-element elementor-element-f5d8afa\" data-id=\"f5d8afa\" data-element_type=\"column\">\n\t\t\t<div class=\"elementor-widget-wrap elementor-element-populated\">\n\t\t\t\t\t\t<div class=\"elementor-element elementor-element-e4294fb elementor-widget elementor-widget-heading\" data-id=\"e4294fb\" data-element_type=\"widget\" data-widget_type=\"heading.default\">\n\t\t\t\t<div class=\"elementor-widget-container\">\n\t\t\t\t\t<h2 class=\"elementor-heading-title elementor-size-default\">Prosz\u0119 udost\u0119pnij to<\/h2>\t\t\t\t<\/div>\n\t\t\t\t<\/div>\n\t\t\t\t\t<\/div>\n\t\t<\/div>\n\t\t\t\t\t<\/div>\n\t\t<\/section>\n\t\t\t\t<section class=\"elementor-section elementor-top-section elementor-element elementor-element-f7f5c3f elementor-section-boxed elementor-section-height-default elementor-section-height-default elementor-invisible\" data-id=\"f7f5c3f\" data-element_type=\"section\" data-settings=\"{&quot;animation&quot;:&quot;fadeInUp&quot;}\">\n\t\t\t\t\t\t<div class=\"elementor-container elementor-column-gap-default\">\n\t\t\t\t\t<div class=\"elementor-column elementor-col-100 elementor-top-column elementor-element elementor-element-8389c60\" data-id=\"8389c60\" data-element_type=\"column\">\n\t\t\t<div class=\"elementor-widget-wrap elementor-element-populated\">\n\t\t\t\t\t\t<div class=\"elementor-element elementor-element-a7ea07c elementor-share-buttons--align-center elementor-share-buttons--shape-rounded elementor-share-buttons--view-icon-text elementor-share-buttons--skin-gradient elementor-grid-0 elementor-share-buttons--color-official elementor-widget elementor-widget-share-buttons\" data-id=\"a7ea07c\" data-element_type=\"widget\" data-widget_type=\"share-buttons.default\">\n\t\t\t\t<div class=\"elementor-widget-container\">\n\t\t\t\t\t\t\t<div class=\"elementor-grid\">\n\t\t\t\t\t\t\t\t<div class=\"elementor-grid-item\">\n\t\t\t\t\t\t<div\n\t\t\t\t\t\t\tclass=\"elementor-share-btn elementor-share-btn_twitter\"\n\t\t\t\t\t\t\trole=\"button\"\n\t\t\t\t\t\t\ttabindex=\"0\"\n\t\t\t\t\t\t\taria-label=\"Share on twitter\"\n\t\t\t\t\t\t>\n\t\t\t\t\t\t\t\t\t\t\t\t\t\t\t<span class=\"elementor-share-btn__icon\">\n\t\t\t\t\t\t\t\t<i class=\"fab fa-twitter\" aria-hidden=\"true\"><\/i>\t\t\t\t\t\t\t<\/span>\n\t\t\t\t\t\t\t\t\t\t\t\t\t\t\t\t\t\t\t\t\t\t<div class=\"elementor-share-btn__text\">\n\t\t\t\t\t\t\t\t\t\t\t\t\t\t\t\t\t\t\t<span class=\"elementor-share-btn__title\">\n\t\t\t\t\t\t\t\t\t\tTwitter\t\t\t\t\t\t\t\t\t<\/span>\n\t\t\t\t\t\t\t\t\t\t\t\t\t\t\t\t\t<\/div>\n\t\t\t\t\t\t\t\t\t\t\t\t\t<\/div>\n\t\t\t\t\t<\/div>\n\t\t\t\t\t\t\t\t\t<div class=\"elementor-grid-item\">\n\t\t\t\t\t\t<div\n\t\t\t\t\t\t\tclass=\"elementor-share-btn elementor-share-btn_facebook\"\n\t\t\t\t\t\t\trole=\"button\"\n\t\t\t\t\t\t\ttabindex=\"0\"\n\t\t\t\t\t\t\taria-label=\"Share on facebook\"\n\t\t\t\t\t\t>\n\t\t\t\t\t\t\t\t\t\t\t\t\t\t\t<span class=\"elementor-share-btn__icon\">\n\t\t\t\t\t\t\t\t<i class=\"fab fa-facebook\" aria-hidden=\"true\"><\/i>\t\t\t\t\t\t\t<\/span>\n\t\t\t\t\t\t\t\t\t\t\t\t\t\t\t\t\t\t\t\t\t\t<div class=\"elementor-share-btn__text\">\n\t\t\t\t\t\t\t\t\t\t\t\t\t\t\t\t\t\t\t<span class=\"elementor-share-btn__title\">\n\t\t\t\t\t\t\t\t\t\tFacebook\t\t\t\t\t\t\t\t\t<\/span>\n\t\t\t\t\t\t\t\t\t\t\t\t\t\t\t\t\t<\/div>\n\t\t\t\t\t\t\t\t\t\t\t\t\t<\/div>\n\t\t\t\t\t<\/div>\n\t\t\t\t\t\t\t\t\t<div class=\"elementor-grid-item\">\n\t\t\t\t\t\t<div\n\t\t\t\t\t\t\tclass=\"elementor-share-btn elementor-share-btn_pinterest\"\n\t\t\t\t\t\t\trole=\"button\"\n\t\t\t\t\t\t\ttabindex=\"0\"\n\t\t\t\t\t\t\taria-label=\"Share on pinterest\"\n\t\t\t\t\t\t>\n\t\t\t\t\t\t\t\t\t\t\t\t\t\t\t<span class=\"elementor-share-btn__icon\">\n\t\t\t\t\t\t\t\t<i class=\"fab fa-pinterest\" aria-hidden=\"true\"><\/i>\t\t\t\t\t\t\t<\/span>\n\t\t\t\t\t\t\t\t\t\t\t\t\t\t\t\t\t\t\t\t\t\t<div class=\"elementor-share-btn__text\">\n\t\t\t\t\t\t\t\t\t\t\t\t\t\t\t\t\t\t\t<span class=\"elementor-share-btn__title\">\n\t\t\t\t\t\t\t\t\t\tPinterest\t\t\t\t\t\t\t\t\t<\/span>\n\t\t\t\t\t\t\t\t\t\t\t\t\t\t\t\t\t<\/div>\n\t\t\t\t\t\t\t\t\t\t\t\t\t<\/div>\n\t\t\t\t\t<\/div>\n\t\t\t\t\t\t\t\t\t<div class=\"elementor-grid-item\">\n\t\t\t\t\t\t<div\n\t\t\t\t\t\t\tclass=\"elementor-share-btn elementor-share-btn_linkedin\"\n\t\t\t\t\t\t\trole=\"button\"\n\t\t\t\t\t\t\ttabindex=\"0\"\n\t\t\t\t\t\t\taria-label=\"Share on linkedin\"\n\t\t\t\t\t\t>\n\t\t\t\t\t\t\t\t\t\t\t\t\t\t\t<span class=\"elementor-share-btn__icon\">\n\t\t\t\t\t\t\t\t<i class=\"fab fa-linkedin\" aria-hidden=\"true\"><\/i>\t\t\t\t\t\t\t<\/span>\n\t\t\t\t\t\t\t\t\t\t\t\t\t\t\t\t\t\t\t\t\t\t<div class=\"elementor-share-btn__text\">\n\t\t\t\t\t\t\t\t\t\t\t\t\t\t\t\t\t\t\t<span class=\"elementor-share-btn__title\">\n\t\t\t\t\t\t\t\t\t\tLinkedIn\t\t\t\t\t\t\t\t\t<\/span>\n\t\t\t\t\t\t\t\t\t\t\t\t\t\t\t\t\t<\/div>\n\t\t\t\t\t\t\t\t\t\t\t\t\t<\/div>\n\t\t\t\t\t<\/div>\n\t\t\t\t\t\t\t\t\t<div class=\"elementor-grid-item\">\n\t\t\t\t\t\t<div\n\t\t\t\t\t\t\tclass=\"elementor-share-btn elementor-share-btn_reddit\"\n\t\t\t\t\t\t\trole=\"button\"\n\t\t\t\t\t\t\ttabindex=\"0\"\n\t\t\t\t\t\t\taria-label=\"Share on reddit\"\n\t\t\t\t\t\t>\n\t\t\t\t\t\t\t\t\t\t\t\t\t\t\t<span class=\"elementor-share-btn__icon\">\n\t\t\t\t\t\t\t\t<i class=\"fab fa-reddit\" aria-hidden=\"true\"><\/i>\t\t\t\t\t\t\t<\/span>\n\t\t\t\t\t\t\t\t\t\t\t\t\t\t\t\t\t\t\t\t\t\t<div class=\"elementor-share-btn__text\">\n\t\t\t\t\t\t\t\t\t\t\t\t\t\t\t\t\t\t\t<span class=\"elementor-share-btn__title\">\n\t\t\t\t\t\t\t\t\t\tReddit\t\t\t\t\t\t\t\t\t<\/span>\n\t\t\t\t\t\t\t\t\t\t\t\t\t\t\t\t\t<\/div>\n\t\t\t\t\t\t\t\t\t\t\t\t\t<\/div>\n\t\t\t\t\t<\/div>\n\t\t\t\t\t\t\t\t\t<div class=\"elementor-grid-item\">\n\t\t\t\t\t\t<div\n\t\t\t\t\t\t\tclass=\"elementor-share-btn elementor-share-btn_whatsapp\"\n\t\t\t\t\t\t\trole=\"button\"\n\t\t\t\t\t\t\ttabindex=\"0\"\n\t\t\t\t\t\t\taria-label=\"Share on whatsapp\"\n\t\t\t\t\t\t>\n\t\t\t\t\t\t\t\t\t\t\t\t\t\t\t<span class=\"elementor-share-btn__icon\">\n\t\t\t\t\t\t\t\t<i class=\"fab fa-whatsapp\" aria-hidden=\"true\"><\/i>\t\t\t\t\t\t\t<\/span>\n\t\t\t\t\t\t\t\t\t\t\t\t\t\t\t\t\t\t\t\t\t\t<div class=\"elementor-share-btn__text\">\n\t\t\t\t\t\t\t\t\t\t\t\t\t\t\t\t\t\t\t<span class=\"elementor-share-btn__title\">\n\t\t\t\t\t\t\t\t\t\tWhatsApp\t\t\t\t\t\t\t\t\t<\/span>\n\t\t\t\t\t\t\t\t\t\t\t\t\t\t\t\t\t<\/div>\n\t\t\t\t\t\t\t\t\t\t\t\t\t<\/div>\n\t\t\t\t\t<\/div>\n\t\t\t\t\t\t\t\t\t<div class=\"elementor-grid-item\">\n\t\t\t\t\t\t<div\n\t\t\t\t\t\t\tclass=\"elementor-share-btn elementor-share-btn_email\"\n\t\t\t\t\t\t\trole=\"button\"\n\t\t\t\t\t\t\ttabindex=\"0\"\n\t\t\t\t\t\t\taria-label=\"Share on email\"\n\t\t\t\t\t\t>\n\t\t\t\t\t\t\t\t\t\t\t\t\t\t\t<span class=\"elementor-share-btn__icon\">\n\t\t\t\t\t\t\t\t<i class=\"fas fa-envelope\" aria-hidden=\"true\"><\/i>\t\t\t\t\t\t\t<\/span>\n\t\t\t\t\t\t\t\t\t\t\t\t\t\t\t\t\t\t\t\t\t\t<div class=\"elementor-share-btn__text\">\n\t\t\t\t\t\t\t\t\t\t\t\t\t\t\t\t\t\t\t<span class=\"elementor-share-btn__title\">\n\t\t\t\t\t\t\t\t\t\tEmail\t\t\t\t\t\t\t\t\t<\/span>\n\t\t\t\t\t\t\t\t\t\t\t\t\t\t\t\t\t<\/div>\n\t\t\t\t\t\t\t\t\t\t\t\t\t<\/div>\n\t\t\t\t\t<\/div>\n\t\t\t\t\t\t\t\t\t<div class=\"elementor-grid-item\">\n\t\t\t\t\t\t<div\n\t\t\t\t\t\t\tclass=\"elementor-share-btn elementor-share-btn_print\"\n\t\t\t\t\t\t\trole=\"button\"\n\t\t\t\t\t\t\ttabindex=\"0\"\n\t\t\t\t\t\t\taria-label=\"Share on print\"\n\t\t\t\t\t\t>\n\t\t\t\t\t\t\t\t\t\t\t\t\t\t\t<span class=\"elementor-share-btn__icon\">\n\t\t\t\t\t\t\t\t<i class=\"fas fa-print\" aria-hidden=\"true\"><\/i>\t\t\t\t\t\t\t<\/span>\n\t\t\t\t\t\t\t\t\t\t\t\t\t\t\t\t\t\t\t\t\t\t<div class=\"elementor-share-btn__text\">\n\t\t\t\t\t\t\t\t\t\t\t\t\t\t\t\t\t\t\t<span class=\"elementor-share-btn__title\">\n\t\t\t\t\t\t\t\t\t\tPrint\t\t\t\t\t\t\t\t\t<\/span>\n\t\t\t\t\t\t\t\t\t\t\t\t\t\t\t\t\t<\/div>\n\t\t\t\t\t\t\t\t\t\t\t\t\t<\/div>\n\t\t\t\t\t<\/div>\n\t\t\t\t\t\t<\/div>\n\t\t\t\t\t\t<\/div>\n\t\t\t\t<\/div>\n\t\t\t\t\t<\/div>\n\t\t<\/div>\n\t\t\t\t\t<\/div>\n\t\t<\/section>\n\t\t\t\t<\/div>\n\t\t","protected":false},"excerpt":{"rendered":"<p>I Kongres Polskich Miast Ogrod\u00f3w w Mie\u015bcie Ogrodzie Podkowa Le\u015bna I Kongresu Polskich Miast Ogrod\u00f3w odby\u0142 si\u0119 w Podkowie Le\u015bnej w dniach 12-13 wrze\u015bnia 2015 r. W dniach 11-13 wrze\u015bnia 2015 w Podkowie Le\u015bnej odby\u0142 si\u0119 z inicjatywy podkowia\u0144skich stowarzysze\u0144 pozarz\u0105dowych I Kongres Polskich Miast Ogrod\u00f3w zorganizowany z okazji 90 -lecia powstania \u00a0 Miasta Ogrodu [&hellip;]<\/p>\n","protected":false},"author":11,"featured_media":0,"parent":0,"menu_order":0,"comment_status":"closed","ping_status":"closed","template":"","meta":{"ocean_post_layout":"","ocean_both_sidebars_style":"","ocean_both_sidebars_content_width":0,"ocean_both_sidebars_sidebars_width":0,"ocean_sidebar":"0","ocean_second_sidebar":"0","ocean_disable_margins":"enable","ocean_add_body_class":"","ocean_shortcode_before_top_bar":"","ocean_shortcode_after_top_bar":"","ocean_shortcode_before_header":"","ocean_shortcode_after_header":"","ocean_has_shortcode":"","ocean_shortcode_after_title":"","ocean_shortcode_before_footer_widgets":"","ocean_shortcode_after_footer_widgets":"","ocean_shortcode_before_footer_bottom":"","ocean_shortcode_after_footer_bottom":"","ocean_display_top_bar":"default","ocean_display_header":"default","ocean_header_style":"","ocean_center_header_left_menu":"0","ocean_custom_header_template":"0","ocean_custom_logo":0,"ocean_custom_retina_logo":0,"ocean_custom_logo_max_width":0,"ocean_custom_logo_tablet_max_width":0,"ocean_custom_logo_mobile_max_width":0,"ocean_custom_logo_max_height":0,"ocean_custom_logo_tablet_max_height":0,"ocean_custom_logo_mobile_max_height":0,"ocean_header_custom_menu":"0","ocean_menu_typo_font_family":"0","ocean_menu_typo_font_subset":"","ocean_menu_typo_font_size":0,"ocean_menu_typo_font_size_tablet":0,"ocean_menu_typo_font_size_mobile":0,"ocean_menu_typo_font_size_unit":"px","ocean_menu_typo_font_weight":"","ocean_menu_typo_font_weight_tablet":"","ocean_menu_typo_font_weight_mobile":"","ocean_menu_typo_transform":"","ocean_menu_typo_transform_tablet":"","ocean_menu_typo_transform_mobile":"","ocean_menu_typo_line_height":0,"ocean_menu_typo_line_height_tablet":0,"ocean_menu_typo_line_height_mobile":0,"ocean_menu_typo_line_height_unit":"","ocean_menu_typo_spacing":0,"ocean_menu_typo_spacing_tablet":0,"ocean_menu_typo_spacing_mobile":0,"ocean_menu_typo_spacing_unit":"","ocean_menu_link_color":"","ocean_menu_link_color_hover":"","ocean_menu_link_color_active":"","ocean_menu_link_background":"","ocean_menu_link_hover_background":"","ocean_menu_link_active_background":"","ocean_menu_social_links_bg":"","ocean_menu_social_hover_links_bg":"","ocean_menu_social_links_color":"","ocean_menu_social_hover_links_color":"","ocean_disable_title":"default","ocean_disable_heading":"default","ocean_post_title":"","ocean_post_subheading":"","ocean_post_title_style":"","ocean_post_title_background_color":"","ocean_post_title_background":0,"ocean_post_title_bg_image_position":"","ocean_post_title_bg_image_attachment":"","ocean_post_title_bg_image_repeat":"","ocean_post_title_bg_image_size":"","ocean_post_title_height":0,"ocean_post_title_bg_overlay":0.5,"ocean_post_title_bg_overlay_color":"","ocean_disable_breadcrumbs":"default","ocean_breadcrumbs_color":"","ocean_breadcrumbs_separator_color":"","ocean_breadcrumbs_links_color":"","ocean_breadcrumbs_links_hover_color":"","ocean_display_footer_widgets":"default","ocean_display_footer_bottom":"default","ocean_custom_footer_template":"0","footnotes":""},"class_list":["post-641","page","type-page","status-publish","hentry","entry"],"yoast_head":"<!-- This site is optimized with the Yoast SEO Premium plugin v15.2.1 - https:\/\/yoast.com\/wordpress\/plugins\/seo\/ -->\n<title>Kongres Polskich Miast ogrod\u00f3w - CKiO Podkowa Le\u015bna<\/title>\n<meta name=\"robots\" content=\"index, follow, max-snippet:-1, max-image-preview:large, max-video-preview:-1\" \/>\n<link rel=\"canonical\" href=\"https:\/\/www.ckiopodkowa.pl\/index.php\/kongres-polskich-miast-ogrodow\/\" \/>\n<meta property=\"og:locale\" content=\"pl_PL\" \/>\n<meta property=\"og:type\" content=\"article\" \/>\n<meta property=\"og:title\" content=\"Kongres Polskich Miast ogrod\u00f3w - CKiO Podkowa Le\u015bna\" \/>\n<meta property=\"og:description\" content=\"I Kongres Polskich Miast Ogrod\u00f3w w Mie\u015bcie Ogrodzie Podkowa Le\u015bna I Kongresu Polskich Miast Ogrod\u00f3w odby\u0142 si\u0119 w Podkowie Le\u015bnej w dniach 12-13 wrze\u015bnia 2015 r. W dniach 11-13 wrze\u015bnia 2015 w Podkowie Le\u015bnej odby\u0142 si\u0119 z inicjatywy podkowia\u0144skich stowarzysze\u0144 pozarz\u0105dowych I Kongres Polskich Miast Ogrod\u00f3w zorganizowany z okazji 90 -lecia powstania \u00a0 Miasta Ogrodu [&hellip;]\" \/>\n<meta property=\"og:url\" content=\"https:\/\/www.ckiopodkowa.pl\/index.php\/kongres-polskich-miast-ogrodow\/\" \/>\n<meta property=\"og:site_name\" content=\"CKiO Podkowa Le\u015bna\" \/>\n<meta property=\"article:modified_time\" content=\"2021-07-03T15:37:16+00:00\" \/>\n<meta property=\"og:image\" content=\"http:\/\/nowa.ckiopodkowa.pl\/wp-content\/uploads\/2021\/07\/KPM_8f609099d27941bf7851e7634da2ac60_XL-768x1085.jpg\" \/>\n<meta name=\"twitter:card\" content=\"summary_large_image\" \/>\n<meta name=\"twitter:label1\" content=\"Napisane przez\">\n\t<meta name=\"twitter:data1\" content=\"CKIO\">\n\t<meta name=\"twitter:label2\" content=\"Szacowany czas czytania\">\n\t<meta name=\"twitter:data2\" content=\"4 minuty\">\n<script type=\"application\/ld+json\" class=\"yoast-schema-graph\">{\"@context\":\"https:\/\/schema.org\",\"@graph\":[{\"@type\":\"WebSite\",\"@id\":\"https:\/\/www.ckiopodkowa.pl\/#website\",\"url\":\"https:\/\/www.ckiopodkowa.pl\/\",\"name\":\"CKiO Podkowa Le\\u015bna\",\"description\":\"\",\"potentialAction\":[{\"@type\":\"SearchAction\",\"target\":\"https:\/\/www.ckiopodkowa.pl\/?s={search_term_string}\",\"query-input\":\"required name=search_term_string\"}],\"inLanguage\":\"pl-PL\"},{\"@type\":\"ImageObject\",\"@id\":\"https:\/\/www.ckiopodkowa.pl\/index.php\/kongres-polskich-miast-ogrodow\/#primaryimage\",\"inLanguage\":\"pl-PL\",\"url\":\"http:\/\/ckiopodkowa.pl\/wp-content\/uploads\/2021\/07\/KPM_8f609099d27941bf7851e7634da2ac60_XL-768x1085.jpg\"},{\"@type\":\"WebPage\",\"@id\":\"https:\/\/www.ckiopodkowa.pl\/index.php\/kongres-polskich-miast-ogrodow\/#webpage\",\"url\":\"https:\/\/www.ckiopodkowa.pl\/index.php\/kongres-polskich-miast-ogrodow\/\",\"name\":\"Kongres Polskich Miast ogrod\\u00f3w - CKiO Podkowa Le\\u015bna\",\"isPartOf\":{\"@id\":\"https:\/\/www.ckiopodkowa.pl\/#website\"},\"primaryImageOfPage\":{\"@id\":\"https:\/\/www.ckiopodkowa.pl\/index.php\/kongres-polskich-miast-ogrodow\/#primaryimage\"},\"datePublished\":\"2021-06-14T12:49:09+00:00\",\"dateModified\":\"2021-07-03T15:37:16+00:00\",\"breadcrumb\":{\"@id\":\"https:\/\/www.ckiopodkowa.pl\/index.php\/kongres-polskich-miast-ogrodow\/#breadcrumb\"},\"inLanguage\":\"pl-PL\",\"potentialAction\":[{\"@type\":\"ReadAction\",\"target\":[\"https:\/\/www.ckiopodkowa.pl\/index.php\/kongres-polskich-miast-ogrodow\/\"]}]},{\"@type\":\"BreadcrumbList\",\"@id\":\"https:\/\/www.ckiopodkowa.pl\/index.php\/kongres-polskich-miast-ogrodow\/#breadcrumb\",\"itemListElement\":[{\"@type\":\"ListItem\",\"position\":1,\"item\":{\"@type\":\"WebPage\",\"@id\":\"https:\/\/www.ckiopodkowa.pl\/\",\"url\":\"https:\/\/www.ckiopodkowa.pl\/\",\"name\":\"Strona g\\u0142\\u00f3wna\"}},{\"@type\":\"ListItem\",\"position\":2,\"item\":{\"@type\":\"WebPage\",\"@id\":\"https:\/\/www.ckiopodkowa.pl\/index.php\/kongres-polskich-miast-ogrodow\/\",\"url\":\"https:\/\/www.ckiopodkowa.pl\/index.php\/kongres-polskich-miast-ogrodow\/\",\"name\":\"Kongres Polskich Miast ogrod\\u00f3w\"}}]}]}<\/script>\n<!-- \/ Yoast SEO Premium plugin. -->","_links":{"self":[{"href":"https:\/\/www.ckiopodkowa.pl\/index.php\/wp-json\/wp\/v2\/pages\/641","targetHints":{"allow":["GET"]}}],"collection":[{"href":"https:\/\/www.ckiopodkowa.pl\/index.php\/wp-json\/wp\/v2\/pages"}],"about":[{"href":"https:\/\/www.ckiopodkowa.pl\/index.php\/wp-json\/wp\/v2\/types\/page"}],"author":[{"embeddable":true,"href":"https:\/\/www.ckiopodkowa.pl\/index.php\/wp-json\/wp\/v2\/users\/11"}],"replies":[{"embeddable":true,"href":"https:\/\/www.ckiopodkowa.pl\/index.php\/wp-json\/wp\/v2\/comments?post=641"}],"version-history":[{"count":5,"href":"https:\/\/www.ckiopodkowa.pl\/index.php\/wp-json\/wp\/v2\/pages\/641\/revisions"}],"predecessor-version":[{"id":1382,"href":"https:\/\/www.ckiopodkowa.pl\/index.php\/wp-json\/wp\/v2\/pages\/641\/revisions\/1382"}],"wp:attachment":[{"href":"https:\/\/www.ckiopodkowa.pl\/index.php\/wp-json\/wp\/v2\/media?parent=641"}],"curies":[{"name":"wp","href":"https:\/\/api.w.org\/{rel}","templated":true}]}}